{"id":8,"date":"2022-01-27T14:51:47","date_gmt":"2022-01-27T13:51:47","guid":{"rendered":"https:\/\/test.swissct.ch\/?page_id=8"},"modified":"2022-01-27T14:51:48","modified_gmt":"2022-01-27T13:51:48","slug":"home","status":"publish","type":"page","link":"https:\/\/test.swissct.ch\/","title":{"rendered":"Home"},"content":{"rendered":"\n<h1 class=\"has-text-align-center wp-block-heading\" id=\"schon-die-nachste-weiterbildung-geplant\"><strong>Schon die n\u00e4chste Weiterbildung geplant?<\/strong><\/h1>\n\n\n\n<h2 class=\"has-text-align-center has-medium-font-size wp-block-heading\" id=\"wollen-sie-ein-kunden-oder-mitarbeiterseminar-organisieren-aber-haben-momentan-wenig-kapazitat-um-dies-selber-durchzufuhren\">Wollen Sie ein Kunden- oder Mitarbeiterseminar organisieren&nbsp;aber haben momentan wenig Kapazit\u00e4t um dies selber durchzuf\u00fchren?<\/h2>\n\n\n\n<h5 class=\"has-text-align-center wp-block-heading\" id=\"sehr-gerne-ubernehmen-wir-dies-fur-sie-wir-unterstutzen-sie-damit-die-weiterbildung-zu-einem-vollen-erfolg-wird-und-sie-sich-ihrem-kerngeschaft-widmen-konnen\">Sehr gerne \u00fcbernehmen wir dies f\u00fcr Sie. Wir unterst\u00fctzen Sie damit die Weiterbildung zu einem vollen Erfolg wird und Sie sich Ihrem Kerngesch\u00e4ft widmen k\u00f6nnen.<\/h5>\n\n\n\n<h2 class=\"has-text-align-center wp-block-heading\" id=\"zogern-sie-nicht-uns-zu-kontaktieren\"><strong>Z\u00f6gern Sie nicht uns zu kontaktieren.<\/strong><\/h2>\n\n\n\n<figure class=\"wp-block-gallery has-nested-images columns-default is-cropped wp-block-gallery-1 is-layout-flex wp-block-gallery-is-layout-flex\">\n<figure class=\"wp-block-image size-large\"><img decoding=\"async\" data-id=\"26\" src=\"https:\/\/swissct.ch\/wp-content\/uploads\/2022\/01\/Titel_1-1024x682.jpg\" alt=\"\" class=\"wp-image-26\"\/><\/figure>\n<\/figure>\n\n\n\n<h2 class=\"wp-block-heading\" id=\"ihr-ansprechpartner-fur-kmu-schulungen\">Ihr Ansprechpartner f\u00fcr KMU Schulungen<\/h2>\n\n\n\n<p><em>Investieren Sie in Ihren Unternehmenserfolg<\/em><\/p>\n\n\n\n<p><img decoding=\"async\" alt=\"\" src=\"https:\/\/r.8b.io\/384340\/images\/g53e0408cbc61819bb334ad2b6a59-h_kvgwddfo.jpg\"><\/p>\n\n\n\n<h2 class=\"wp-block-heading\" id=\"bildung-konkret-umgesetzt\"><strong>Bildung konkret umgesetzt<\/strong><\/h2>\n\n\n\n<p><em>Investieren Sie in Ihren Unternehmenserfolg<\/em><\/p>\n\n\n\n<figure class=\"wp-block-gallery has-nested-images columns-default is-cropped wp-block-gallery-2 is-layout-flex wp-block-gallery-is-layout-flex\">\n<figure class=\"wp-block-image size-large\"><img decoding=\"async\" data-id=\"27\" src=\"https:\/\/swissct.ch\/wp-content\/uploads\/2022\/01\/S_Titel_1-1024x683.jpg\" alt=\"\" class=\"wp-image-27\"\/><\/figure>\n<\/figure>\n\n\n\n<h2 class=\"wp-block-heading\" id=\"wissen-kompakt-vermittelt\"><strong>Wissen kompakt vermittelt<\/strong><\/h2>\n\n\n\n<p><em>Investieren Sie in Ihren Unternehmenserfolg<\/em><\/p>\n\n\n\n<figure class=\"wp-block-image size-large\"><img decoding=\"async\" src=\"https:\/\/swissct.ch\/wp-content\/uploads\/2022\/01\/S_Titel_3-1024x645.jpg\" alt=\"\" class=\"wp-image-29\"\/><\/figure>\n\n\n\n<h2 class=\"wp-block-heading\" id=\"technik-lehre-und-wirtschaft-in-einklang-gebracht\"><strong>Technik, Lehre und Wirtschaft in Einklang gebracht<\/strong><strong><\/strong><\/h2>\n\n\n\n<p><em>Investieren Sie in Ihren Unternehmenserfolg<\/em><\/p>\n\n\n\n<figure class=\"wp-block-gallery has-nested-images columns-default is-cropped wp-block-gallery-3 is-layout-flex wp-block-gallery-is-layout-flex\">\n<figure class=\"wp-block-image size-large\"><img decoding=\"async\" data-id=\"30\" src=\"https:\/\/swissct.ch\/wp-content\/uploads\/2022\/01\/S_Titel_4-1024x1024.jpeg\" alt=\"\" class=\"wp-image-30\"\/><\/figure>\n<\/figure>\n\n\n\n<h1 class=\"wp-block-heading\" id=\"ihre-betriebliche-weiterbildung\"><br><strong>Ihre betriebliche Weiterbildung<\/strong><\/h1>\n\n\n\n<h4 class=\"wp-block-heading\" id=\"wir-fuhren-oder-begleiten-sie-durch-samtliche-schritte-ihres-schulungsprojektes-wir-gehen-nach-dem-iperka-modell-vor\">Wir f\u00fchren oder begleiten Sie durch s\u00e4mtliche Schritte Ihres Schulungsprojektes. Wir gehen nach dem IPERKA-Modell vor.<\/h4>\n\n\n\n<figure class=\"wp-block-image\"><img decoding=\"async\" src=\"https:\/\/r.8b.io\/384340\/images\/gd269734d6428275d9f26ab4a5821-h_kvgvsus2.jpg\" alt=\"\"\/><\/figure>\n\n\n\n<h2 class=\"wp-block-heading\" id=\"informieren\">I<strong>nformieren<\/strong><\/h2>\n\n\n\n<h4 class=\"wp-block-heading\" id=\"sie-stellen-einen-einen-schulungsbedarf-fest-wollen-neue-impulse-in-die-unternehmung-einbringen-und-streben-mit-dem-neu-erworbenen-wissen-ihrer-mitarbeiter-sowie-kunden-ein-hohere-effizienz-an-wir-unterstutzen-sie-bei-der-festlegung-ihres-schulungsbedarfs-bei-bedarf-ermitteln-wir-fur-sie-den-konkreten-schulungsbedarf-und-schlagen-ein-budget-vor-gemeinsam-legen-wir-die-lehrinhalte-sowie-die-lehrform-seminar-als-prasenz-blended-learning-hybrid-online-oder-als-e-learning-sequenz-fest\">Sie stellen einen einen Schulungsbedarf fest, wollen neue Impulse in die Unternehmung einbringen und streben mit dem neu erworbenen Wissen Ihrer Mitarbeiter sowie Kunden ein h\u00f6here Effizienz an?<br>Wir unterst\u00fctzen Sie bei der Festlegung Ihres Schulungsbedarfs. Bei Bedarf ermitteln wir f\u00fcr Sie den konkreten Schulungsbedarf und schlagen ein Budget vor. Gemeinsam legen wir die Lehrinhalte sowie die Lehrform (Seminar als Pr\u00e4senz, Blended Learning, Hybrid, Online oder als e-Learning Sequenz) fest.&nbsp;<\/h4>\n\n\n\n<figure class=\"wp-block-image\"><img decoding=\"async\" src=\"https:\/\/r.8b.io\/384340\/images\/g685b4cb3abc9a8d7795ee30e305e-h_kvgvw91r.jpg\" alt=\"\"\/><\/figure>\n\n\n\n<h2 class=\"wp-block-heading\" id=\"planen\"><strong>Planen<\/strong><\/h2>\n\n\n\n<h4 class=\"wp-block-heading\" id=\"sie-haben-wenig-kapazitat-um-ihr-seminar-zu-planen-die-lehrinhalte-selber-zu-didaktisieren-gerne-fuhren-wir-dies-fachkundig-fur-sie-und-entwickeln-in-zusammenarbeit-den-fur-ihre-zielgruppe-angepassten-lehrplan-auf-wunsch-organisieren-wir-ebenfalls-die-passenden-referenten-den-veranstaltungsort-sowie-ein-allfalliges-rahmenprogramm\">Sie haben wenig Kapazit\u00e4t um Ihr Seminar zu planen, die Lehrinhalte selber zu didaktisieren?<br><br>Gerne f\u00fchren wir dies fachkundig f\u00fcr Sie und entwickeln in Zusammenarbeit den f\u00fcr Ihre Zielgruppe angepassten Lehrplan. Auf Wunsch organisieren wir ebenfalls die passenden Referenten, den Veranstaltungsort sowie ein allf\u00e4lliges Rahmenprogramm.&nbsp;<\/h4>\n\n\n\n<figure class=\"wp-block-image\"><img decoding=\"async\" src=\"https:\/\/r.8b.io\/384340\/images\/g6325ae8df922980423e4529beced-h_kvgwjrhe.jpg\" alt=\"\"\/><\/figure>\n\n\n\n<h2 class=\"wp-block-heading\" id=\"entscheiden\"><strong>Entscheiden<\/strong><\/h2>\n\n\n\n<h4 class=\"wp-block-heading\" id=\"basierend-auf-dem-erstellten-konzept-entscheiden-sie-uber-die-durchfuhrung-auf-wunsch-fuhren-wir-die-einladungen-der-teilnehmer-durch\">Basierend auf dem erstellten Konzept entscheiden Sie \u00fcber die Durchf\u00fchrung. Auf Wunsch f\u00fchren wir die Einladungen der Teilnehmer durch.<\/h4>\n\n\n\n<figure class=\"wp-block-image\"><img decoding=\"async\" src=\"https:\/\/r.8b.io\/384340\/images\/gc5510b8edc112bb0ac721b30e32b-h_kvi10e2b.jpg\" alt=\"\"\/><\/figure>\n\n\n\n<h2 class=\"wp-block-heading\" id=\"realisieren\">Realisieren<\/h2>\n\n\n\n<h4 class=\"wp-block-heading\" id=\"wir-fuhren-die-weiterbildungen-durch-oder-begleiten-sie-oder-ihre-referenten-bei-der-durchfuhrung\">Wir f\u00fchren die Weiterbildungen durch oder begleiten Sie oder Ihre Referenten bei der Durchf\u00fchrung.<\/h4>\n\n\n\n<figure class=\"wp-block-image\"><img decoding=\"async\" src=\"https:\/\/r.8b.io\/384340\/images\/g1af8bb5286b02d35617e80bfad83-h_kvgwi324.jpg\" alt=\"\"\/><\/figure>\n\n\n\n<h2 class=\"wp-block-heading\" id=\"kontrollieren\">Kontrollieren<\/h2>\n\n\n\n<h4 class=\"wp-block-heading\" id=\"eine-systematische-erhebung-der-teilnehmerruckmeldungen-ist-wichtig-auf-wunsch-fuhren-wir-dies-fur-sie-durch-und-erstellen-ein-teilnehmerzertifikat\">Eine systematische Erhebung der Teilnehmerr\u00fcckmeldungen ist wichtig.&nbsp;Auf Wunsch f\u00fchren wir dies f\u00fcr Sie durch und erstellen ein Teilnehmerzertifikat.<\/h4>\n\n\n\n<figure class=\"wp-block-image\"><img decoding=\"async\" src=\"https:\/\/r.8b.io\/384340\/images\/g925293b9a993c49bf4630ba27cff-h_kvgwf8tc.jpg\" alt=\"\"\/><\/figure>\n\n\n\n<h2 class=\"wp-block-heading\" id=\"auswerten\"><strong>Auswerten<\/strong><\/h2>\n\n\n\n<h4 class=\"wp-block-heading\" id=\"sie-wollen-erfahren-wie-gut-das-seminar-bei-ihren-mitarbeitern-oder-kunden-angekommen-ist-wir-fuhren-fur-sie-die-auswertung-der-ruckmeldungen-bei-bedarf-mit-statistischen-methoden-durch-und-schlagen-ihnen-konkrete-handlungsempfehlungen-vor\">Sie wollen erfahren wie gut das Seminar bei Ihren Mitarbeitern oder Kunden angekommen ist?&nbsp;<br><br>Wir f\u00fchren f\u00fcr Sie die Auswertung der R\u00fcckmeldungen, bei Bedarf mit statistischen Methoden, durch und schlagen Ihnen konkrete Handlungsempfehlungen vor.<\/h4>\n\n\n\n<p><\/p>\n\n\n\n<h1 class=\"wp-block-heading\" id=\"unser-angebot\"><strong>Unser Angebot<\/strong><\/h1>\n\n\n\n<h2 class=\"wp-block-heading\" id=\"massgeschneiderte-betriebliche-weiterbildung\">Massgeschneiderte betriebliche Weiterbildung&nbsp;<\/h2>\n\n\n\n<h4 class=\"wp-block-heading\" id=\"wir-planen-organisieren-und-fuhren-ein-auf-ihre-bedurfnisse-massgeschneidertes-seminar-durch-dieses-kann-im-rahmen-einer-prasenzveranstaltung-hybrid-blended-learning-online-oder-elearning-umgesetzt-werden-basierend-auf-ihren-erwartungen-werden-wir-eine-auf-ihr-zielpublikum-entwickelte-weiterbildung-erstellen-sie-profitieren-von-unseren-langjahrigen-erfahrung-im-lehrbereich-der-beruflichen-ausbildung-sowie-der-hochschulstufe-sowie-auch-im-weiterbildungsbereich-von-unternehmen\">Wir planen, organisieren und f\u00fchren ein auf Ihre Bed\u00fcrfnisse massgeschneidertes Seminar durch. Dieses kann im Rahmen einer Pr\u00e4senzveranstaltung, Hybrid, Blended-Learning, Online oder eLearning umgesetzt werden.  Basierend auf ihren Erwartungen werden wir eine auf Ihr Zielpublikum entwickelte Weiterbildung erstellen, Sie profitieren von unseren langj\u00e4hrigen Erfahrung im Lehrbereich der beruflichen Ausbildung sowie der Hochschulstufe sowie auch im Weiterbildungsbereich von Unternehmen. <\/h4>\n\n\n\n<figure class=\"wp-block-image\"><img decoding=\"async\" src=\"https:\/\/r.8b.io\/384340\/images\/gd05d5310f5c4c52c15ee8f840517-h_kvf79r7z.jpg\" alt=\"\"\/><\/figure>\n\n\n\n<h2 class=\"wp-block-heading\" id=\"coaching-unterstutzung-bei-ihrer-seminardurchfuhrung-train-the-trainer\">Coaching\/Unterst\u00fctzung bei Ihrer Seminardurchf\u00fchrung (train the trainer)&nbsp;<\/h2>\n\n\n\n<h4 class=\"wp-block-heading\" id=\"wir-unterstutzen-sie-bei-der-planung-organisation-sowie-der-durchfuhrung-ihres-seminars-mit-unserem-fachwissen-je-nach-wunsch-werden-wir-sie-bei-ihrem-seminar-in-organisatorischen-fachlichen-sowie-didaktischen-aspekten-unterstutzend-begleiten\">Wir unterst\u00fctzen Sie bei der Planung, Organisation sowie der Durchf\u00fchrung Ihres Seminars mit unserem Fachwissen.  Je nach Wunsch werden wir Sie bei Ihrem Seminar in organisatorischen, fachlichen sowie didaktischen Aspekten unterst\u00fctzend begleiten. <\/h4>\n\n\n\n<figure class=\"wp-block-image\"><img decoding=\"async\" src=\"https:\/\/app.8b.io\/app\/themes\/webamp\/projects\/company\/assets\/images\/background6.jpg\" alt=\"\"\/><\/figure>\n\n\n\n<h2 class=\"wp-block-heading\" id=\"unsere-weiterbildungsangebote\">Unsere Weiterbildungsangebote&nbsp;<\/h2>\n\n\n\n<h4 class=\"wp-block-heading\" id=\"wir-bieten-weiterbildungen-zu-ausgewahlten-themen-im-bereich-management-und-marketing-an-wahlen-sie-aus-einem-unserer-zahlreichen-angebote-aus-dieses-kann-im-rahmen-einer-prasenzveranstaltung-hybrid-blended-learning-online-oder-elearning-durchgefuhrt-werden-beim-blendend-learning-konzept-erfolgt-lediglich-ein-teil-der-weiterbildung-vor-ort-der-grossere-anteil-jedoch-online\">Wir bieten Weiterbildungen zu ausgew\u00e4hlten Themen im Bereich Management und Marketing an. W\u00e4hlen Sie aus einem unserer zahlreichen Angebote aus. Dieses kann im Rahmen einer Pr\u00e4senzveranstaltung, Hybrid, Blended-Learning, Online oder eLearning durchgef\u00fchrt werden.  Beim Blendend-Learning Konzept erfolgt lediglich ein Teil der Weiterbildung vor Ort, der gr\u00f6ssere Anteil jedoch online. <\/h4>\n\n\n\n<figure class=\"wp-block-gallery aligncenter has-nested-images columns-default is-cropped wp-block-gallery-4 is-layout-flex wp-block-gallery-is-layout-flex\">\n<figure class=\"wp-block-image size-large\"><img decoding=\"async\" data-id=\"14\" src=\"https:\/\/swissct.ch\/wp-content\/uploads\/2022\/01\/g06e2c8d068d41031928ceafe4fb9-h_kvf7q9k5-1024x683.jpg\" alt=\"\" class=\"wp-image-14\"\/><\/figure>\n<\/figure>\n\n\n\n<h1 class=\"wp-block-heading\" id=\"wer-wir-sind\"><strong>Wer wir sind<\/strong><\/h1>\n\n\n\n<p>Als langj\u00e4hrige Bildungsprofis der beruflichen Bildung sowie aus dem Hochschulbereich in Technik, Pharma, Marketing und Management planen, organisieren und f\u00fchren wir Ihre Kundenschulung sowie Weiterbildung ihrer Mitarbeiter durch. Diese werden unter Ber\u00fccksichtigung didaktischer Aspekte umgesetzt.<\/p>\n\n\n\n<p>Wir sind es gewohnt Lehrprogramme im Bereich Technik, Marketing und Management zu konzipieren und durchzuf\u00fchren. Wir k\u00f6nnen ebenfalls eigene Schulungsprogramme anbieten und bei Bedarf auf ein Netzwerk von Fachexperten zur\u00fcck greifen.  Als Anbieter f\u00fcr massgeschneiderte Seminare und Weiterbildung f\u00fcr KMU\u2019s haben wir die notwendige Expertise f\u00fcr die Durchf\u00fchrung von Mitarbeiter- und Kundenschulungen. <\/p>\n\n\n\n<p>Die betriebliche Weiterbildung  als Teil der beruflichen Weiterbildung  kennzeichnet sich dadurch dass diese von den Unternehmen erstellt und durchgef\u00fchrt wird. Die Bedeutung der betrieblichen Weiterbildung hat aufgrund der zunehmenden Dynamik der wirtschaftliche Entwicklung zugenommen. Die Unternehmen erhalten damit Ihre Wettbewerbsf\u00e4higkeit im kompetitiven Wirtschaftsumfeld und f\u00f6rdern die Mitarbeiter beim Erwerb relevanter neuer Kenntnisse. F\u00fcr die Durchf\u00fchrung einer betriebliche Weiterbildung gibt es aus Sicht der Unternehmen (Lenske &amp; Werner; 2009) zahlreiche Gr\u00fcnde.<\/p>\n\n\n\n<ul class=\"wp-block-list\"><li>Die Effizienz sowie Selbstst\u00e4ndigkeit der Mitarbeiter durch eine Vertiefung der bestehenden Kenntnisse f\u00f6rdert.<\/li><li>Die Teilnehmer von betrieblichen Weiterbildungsmassnahmen eignen sich die relevanten Kenntnisse und F\u00e4higkeiten Ihrer Branche an und gew\u00e4hrleisten damit dass sie den Anschluss nicht verlieren und k\u00f6nnen von neuen Karrierem\u00f6glichkeiten profitieren.<\/li><li>Die Kompetenzen der Mitarbeiter k\u00f6nnen mit einer Weiterbildung angemessen gef\u00f6rdert werden.<\/li><li>Die Resultate betrieblicher Weiterbildung tragen zur Wertsch\u00f6pfung und zum Gesch\u00e4ftserfolg bei.<\/li><li>Durch Weiterbildung steigt die Leistungsf\u00e4higkeit und Produktivit\u00e4t unserer Mitarbeiter.<\/li><li>Weiterbildung erh\u00f6ht die Motivation und Arbeitszufriedenheit der Mitarbeiter.<\/li><li>Weiterbildung tr\u00e4gt zur Sicherung der Innovationsf\u00e4higkeit unseres Unternehmens bei.<\/li><li>Weiterbildung tr\u00e4gt zur Mitarbeiterbindung bei.<\/li><li>Durch die Einf\u00fchrung neuer Technologien und\/oder ver\u00e4nderte Arbeitsprozesse entsteht zus\u00e4tzlicher Qualifizierungsbedarf der Mitarbeiter.<\/li><li>Weiterbildung erh\u00f6ht die Attraktivit\u00e4t des Unternehmens f\u00fcr neue Mitarbeiter und erleichtert die Rekrutierung.<\/li><\/ul>\n\n\n\n<p><em>Lenske, Werner; Werner, Dirk (2009): Umfang, Kosten und Trends der betrieblichen Weiterbildung: Ergebnisse der IW-Weiterbildungserhebung 2008, IW-Trends &#8211; Vierteljahresschrift zur empirischen Wirtschaftsforschung, Institut der deutschen Wirtschaft (IW), K\u00f6ln, Vol. 36, Iss. 1, pp. 51-66.<\/em><\/p>\n\n\n\n<h2 class=\"wp-block-heading\" id=\"unsere-philosophie\"><strong>Unsere Philosophie<\/strong><\/h2>\n\n\n\n<p>In enger Zusammenarbeit mit unseren Kunden bieten wir ein wissenschaftlich fundiertes, anwendungsorientiertes Leistungsangebot. Unser Know-how Portfolio deckt ein umfangreiches Themenspektrum ab. Im professionellen Dialog mit unseren Kunden erarbeiten Experten aus unserem Netzwerk kosteneffiziente und individuelle L\u00f6sungen. Beratung, Planung, Coaching und Umsetzung gehen dabei Hand in Hand. SwissCT wird Sie hierbei neutral sowie umfassend begleiten und gemeinsam innovative Bildungsl\u00f6sungen entwickeln. <\/p>\n\n\n\n<h2 class=\"wp-block-heading\" id=\"wir-uber-uns\"><strong>Wir \u00fcber uns<\/strong><\/h2>\n\n\n\n<p>SwissCT ist eine Vereinigung von Schweizer Fachhochschuldozenten mit einem breiten praktisch-fachlichen Erfahrungshintergrund. Die Kompetenzen  stammen sowohl aus dem unternehmerischen Management aus der Industrie, insbesondere dem technischen Bereich, der \u00f6ffentlichen Verwaltungspraxis als auch aus langj\u00e4hriger T\u00e4tigkeit als Forschende und Dozierende an Schweizer Hochschulen. Bei der Ausrichtung des swissCT ist es uns mit Bezug auf die Unternehmensbed\u00fcrfnisse sehr wichtig, einen pragmatischen Mix von soziologischem, \u00f6konomischem und ingenieurwissenschaftlichem Know how im Leistungsportfolio zu haben. Jeder unser Mitarbeiter ist allein f\u00fcr sich Spezialist und im swissCT-Netzwerk Fachberater im Kompetenzteam.<\/p>\n\n\n\n<p><\/p>\n","protected":false},"excerpt":{"rendered":"<p>Schon die n\u00e4chste Weiterbildung geplant? Wollen Sie ein Kunden- oder Mitarbeiterseminar organisieren&nbsp;aber haben momentan wenig Kapazit\u00e4t um dies selber durchzuf\u00fchren? Sehr gerne \u00fcbernehmen wir dies f\u00fcr Sie. Wir unterst\u00fctzen Sie damit die Weiterbildung zu einem vollen Erfolg wird und Sie sich Ihrem Kerngesch\u00e4ft widmen k\u00f6nnen. Z\u00f6gern Sie nicht uns zu kontaktieren. Ihr Ansprechpartner f\u00fcr KMU Schulungen Investieren Sie in Ihren Unternehmenserfolg Bildung konkret umgesetzt Investieren Sie in Ihren Unternehmenserfolg Wissen kompakt vermittelt Investieren Sie in Ihren Unternehmenserfolg Technik, Lehre und Wirtschaft in Einklang gebracht Investieren Sie in Ihren Unternehmenserfolg Ihre betriebliche Weiterbildung Wir f\u00fchren oder begleiten Sie durch s\u00e4mtliche Schritte\u2026<\/p>\n","protected":false},"author":1,"featured_media":0,"parent":0,"menu_order":0,"comment_status":"closed","ping_status":"closed","template":"","meta":{"footnotes":""},"class_list":["post-8","page","type-page","status-publish","hentry"],"blocksy_meta":{"styles_descriptor":{"styles":{"desktop":"","tablet":"","mobile":""},"google_fonts":[],"version":5}},"featured_image_urls":{"full":"","thumbnail":"","medium":"","medium_large":"","large":"","xl":"","xxl":"","xxxl":"","xxxxl":"","xxxxxl":"","1536x1536":"","2048x2048":""},"post_excerpt_stackable":"<p>Schon die n\u00e4chste Weiterbildung geplant? Wollen Sie ein Kunden- oder Mitarbeiterseminar organisieren&nbsp;aber haben momentan wenig Kapazit\u00e4t um dies selber durchzuf\u00fchren? Sehr gerne \u00fcbernehmen wir dies f\u00fcr Sie. Wir unterst\u00fctzen Sie damit die Weiterbildung zu einem vollen Erfolg wird und Sie sich Ihrem Kerngesch\u00e4ft widmen k\u00f6nnen. Z\u00f6gern Sie nicht uns zu kontaktieren. Ihr Ansprechpartner f\u00fcr KMU Schulungen Investieren Sie in Ihren Unternehmenserfolg Bildung konkret umgesetzt Investieren Sie in Ihren Unternehmenserfolg Wissen kompakt vermittelt Investieren Sie in Ihren Unternehmenserfolg Technik, Lehre und Wirtschaft in Einklang gebracht Investieren Sie in Ihren Unternehmenserfolg Ihre betriebliche Weiterbildung Wir f\u00fchren oder begleiten Sie durch s\u00e4mtliche Schritte&hellip;<\/p>\n","category_list":"","author_info":{"name":"michaelstros_91nso9j3","url":"https:\/\/test.swissct.ch\/?author=1"},"comments_num":"0 comments","_links":{"self":[{"href":"https:\/\/test.swissct.ch\/index.php?rest_route=\/wp\/v2\/pages\/8","targetHints":{"allow":["GET"]}}],"collection":[{"href":"https:\/\/test.swissct.ch\/index.php?rest_route=\/wp\/v2\/pages"}],"about":[{"href":"https:\/\/test.swissct.ch\/index.php?rest_route=\/wp\/v2\/types\/page"}],"author":[{"embeddable":true,"href":"https:\/\/test.swissct.ch\/index.php?rest_route=\/wp\/v2\/users\/1"}],"replies":[{"embeddable":true,"href":"https:\/\/test.swissct.ch\/index.php?rest_route=%2Fwp%2Fv2%2Fcomments&post=8"}],"version-history":[{"count":1,"href":"https:\/\/test.swissct.ch\/index.php?rest_route=\/wp\/v2\/pages\/8\/revisions"}],"predecessor-version":[{"id":20,"href":"https:\/\/test.swissct.ch\/index.php?rest_route=\/wp\/v2\/pages\/8\/revisions\/20"}],"wp:attachment":[{"href":"https:\/\/test.swissct.ch\/index.php?rest_route=%2Fwp%2Fv2%2Fmedia&parent=8"}],"curies":[{"name":"wp","href":"https:\/\/api.w.org\/{rel}","templated":true}]}}